{"id":247,"date":"2019-10-07T15:44:26","date_gmt":"2019-10-07T15:44:26","guid":{"rendered":"http:\/\/wp.kernkosmetik.de\/?page_id=247"},"modified":"2023-03-07T20:38:39","modified_gmt":"2023-03-07T20:38:39","slug":"zarte-gluecksmomente","status":"publish","type":"page","link":"https:\/\/kernkosmetik.de\/?page_id=247","title":{"rendered":"Zarte Gl\u00fccksmomente"},"content":{"rendered":"\n<div class=\"wp-block-image\"><figure class=\"alignleft size-thumbnail\"><img loading=\"lazy\" decoding=\"async\" width=\"150\" height=\"150\" src=\"https:\/\/kernkosmetik.de\/wp-content\/uploads\/2023\/03\/kern_19-150x150.jpg\" alt=\"\" class=\"wp-image-306\" srcset=\"https:\/\/kernkosmetik.de\/wp-content\/uploads\/2023\/03\/kern_19-150x150.jpg 150w, https:\/\/kernkosmetik.de\/wp-content\/uploads\/2023\/03\/kern_19-300x300.jpg 300w, https:\/\/kernkosmetik.de\/wp-content\/uploads\/2023\/03\/kern_19.jpg 1024w, https:\/\/kernkosmetik.de\/wp-content\/uploads\/2023\/03\/kern_19-768x768.jpg 768w, https:\/\/kernkosmetik.de\/wp-content\/uploads\/2023\/03\/kern_19-690x690.jpg 690w\" sizes=\"auto, (max-width: 150px) 100vw, 150px\" \/><\/figure><\/div>\n\n\n\n<p>Ob belebend &amp; erfrischend oder entspannend &amp; ausgleichend \u2014 umh\u00fcllen Sie sich und Ihre Haut mit der wohltuenden Primavera K\u00f6rperpflege. Sanfte Ber\u00fchrung mit Naturhaarb\u00fcrsten, f\u00fchren zu einer leichten Durchblutung und Peelingeffekt. Danach aufgetra\u00adgene K\u00f6rperlotionen ziehen schnell ein, aktivieren die Schutzfunktion der Haut und bewahren ihr nat\u00fcr\u00adliches Gleichgewicht.<br><br><strong>Licht &amp; Farbe<\/strong><br>Zu jeder Behandlung schalte ich unterst\u00fctzend ein Farblichtger\u00e4t ein. Der Frequenzbereich liegt bei 750 nm (Rosa) bis 410 nm (Indigo). Durch die Schwingung der Farbe k\u00f6nnen wir entweder eine anregende oder eine beruhigende und harmonisierende Wirkung im k\u00f6rperlich, geistigen und auch im seelischen Befinden erzielen. Farblichtbestrahlungen stimulieren unseren Stoffwechsel, den Hormonhaushalt, aktivieren die Blutbildung und wirken auf das autonome Nervensystem.<br><br><strong>verwendete Naturkosmetik<\/strong><br>Ihre Haut kann sich aus eigener Kraft versorgen und erneuern. Primavera-Produkte verhelfen ihr gezielt und ganz\u00adheitlich zu ihrem Gleich\u00ad\u00ad\u00adge\u00adwicht zur\u00fcck. Die nat\u00fcrlichen Zu\u00adtaten werden \u2013 soweit verf\u00fcgbar \u2013 aus kontrolliert-bio\u00adlogischem oder Demeter-Anbau bezogen.<br><br>Dauer: ca. 60 Minuten<br><br>Sie k\u00f6nnen diese Anwendung durch die Kombination mit <a href=\"http:\/\/wp.kernkosmetik.de\/?page_id=147\">Zusatzleistungen<\/a> individualisieren. <br><\/p>\n","protected":false},"excerpt":{"rendered":"<p>Ob belebend &amp; erfrischend oder entspannend &amp; ausgleichend \u2014 umh\u00fcllen Sie sich und Ihre Haut mit der wohltuenden Primavera K\u00f6rperpflege. Sanfte Ber\u00fchrung mit&hellip;<\/p>\n","protected":false},"author":1,"featured_media":306,"parent":239,"menu_order":0,"comment_status":"closed","ping_status":"closed","template":"page-templates\/full-width-no-img.php","meta":{"footnotes":""},"class_list":["post-247","page","type-page","status-publish","has-post-thumbnail","hentry"],"_links":{"self":[{"href":"https:\/\/kernkosmetik.de\/index.php?rest_route=\/wp\/v2\/pages\/247","targetHints":{"allow":["GET"]}}],"collection":[{"href":"https:\/\/kernkosmetik.de\/index.php?rest_route=\/wp\/v2\/pages"}],"about":[{"href":"https:\/\/kernkosmetik.de\/index.php?rest_route=\/wp\/v2\/types\/page"}],"author":[{"embeddable":true,"href":"https:\/\/kernkosmetik.de\/index.php?rest_route=\/wp\/v2\/users\/1"}],"replies":[{"embeddable":true,"href":"https:\/\/kernkosmetik.de\/index.php?rest_route=%2Fwp%2Fv2%2Fcomments&post=247"}],"version-history":[{"count":5,"href":"https:\/\/kernkosmetik.de\/index.php?rest_route=\/wp\/v2\/pages\/247\/revisions"}],"predecessor-version":[{"id":321,"href":"https:\/\/kernkosmetik.de\/index.php?rest_route=\/wp\/v2\/pages\/247\/revisions\/321"}],"up":[{"embeddable":true,"href":"https:\/\/kernkosmetik.de\/index.php?rest_route=\/wp\/v2\/pages\/239"}],"wp:featuredmedia":[{"embeddable":true,"href":"https:\/\/kernkosmetik.de\/index.php?rest_route=\/wp\/v2\/media\/306"}],"wp:attachment":[{"href":"https:\/\/kernkosmetik.de\/index.php?rest_route=%2Fwp%2Fv2%2Fmedia&parent=247"}],"curies":[{"name":"wp","href":"https:\/\/api.w.org\/{rel}","templated":true}]}}